{"id":2,"date":"2014-04-26T23:02:32","date_gmt":"2014-04-26T23:02:32","guid":{"rendered":"http:\/\/www.lyre-paroissiale-surpierre.ch\/?page_id=2"},"modified":"2026-02-14T17:52:21","modified_gmt":"2026-02-14T16:52:21","slug":"page-d-exemple","status":"publish","type":"page","link":"https:\/\/www.lyre-paroissiale-surpierre.ch\/?page_id=2","title":{"rendered":"Bienvenue"},"content":{"rendered":"\n<figure class=\"wp-block-image size-large\"><a href=\"https:\/\/www.lyre-paroissiale-surpierre.ch\/wp-content\/uploads\/2026\/02\/88d55d4c-f18b-45e7-9dcc-3fddd4aaaedd.jpg\"><img loading=\"lazy\" decoding=\"async\" width=\"1024\" height=\"656\" src=\"https:\/\/www.lyre-paroissiale-surpierre.ch\/wp-content\/uploads\/2026\/02\/88d55d4c-f18b-45e7-9dcc-3fddd4aaaedd-1024x656.jpg\" alt=\"\" class=\"wp-image-739\" srcset=\"https:\/\/www.lyre-paroissiale-surpierre.ch\/wp-content\/uploads\/2026\/02\/88d55d4c-f18b-45e7-9dcc-3fddd4aaaedd-1024x656.jpg 1024w, https:\/\/www.lyre-paroissiale-surpierre.ch\/wp-content\/uploads\/2026\/02\/88d55d4c-f18b-45e7-9dcc-3fddd4aaaedd-300x192.jpg 300w, https:\/\/www.lyre-paroissiale-surpierre.ch\/wp-content\/uploads\/2026\/02\/88d55d4c-f18b-45e7-9dcc-3fddd4aaaedd-768x492.jpg 768w, https:\/\/www.lyre-paroissiale-surpierre.ch\/wp-content\/uploads\/2026\/02\/88d55d4c-f18b-45e7-9dcc-3fddd4aaaedd-1536x984.jpg 1536w, https:\/\/www.lyre-paroissiale-surpierre.ch\/wp-content\/uploads\/2026\/02\/88d55d4c-f18b-45e7-9dcc-3fddd4aaaedd-1200x769.jpg 1200w, https:\/\/www.lyre-paroissiale-surpierre.ch\/wp-content\/uploads\/2026\/02\/88d55d4c-f18b-45e7-9dcc-3fddd4aaaedd.jpg 1815w\" sizes=\"auto, (max-width: 1024px) 100vw, 1024px\" \/><\/a><\/figure>\n\n\n\n<p>Notre lyre Paroissiale<\/p>\n\n\n\n<p><strong>Fond\u00e9e en 1945<\/strong> par des amoureux de la musique, la Lyre Paroissiale de Surpierre compte une vingtaine de musiciens et musiciennes qui se donnent \u00e0 c\u0153ur joie.<\/p>\n\n\n\n<p>Notre commission de musique ainsi que notre jeune Directrice, <strong>Sylvie Cantin<\/strong> nous s\u00e9lectionnent des morceaux audacieux qui motivent notre ensemble de cuivres.<\/p>\n\n\n\n<p>Jeunes et vieux se r\u00e9unissent environ 2 fois par semaines, pas seulement pour partager leur passion musicale mais \u00e9galement pour partager un excellent moment de convivialit\u00e9 apr\u00e8s les r\u00e9p\u00e9titions.<br>Sa rel\u00e8ve est assur\u00e9e par notre Directeur qui transmet sa passion et son savoir-faire \u00e0 nos jeunes musiciens.<\/p>\n\n\n\n<p>Notre lyre s\u2019implique dans la vie Paroissiale et animent volontiers les divers services qui ont encore lieu dans notre Paroisse (No\u00ebl &#8211; P\u00e2ques &#8211; F\u00eate Dieu&#8230;).<\/p>\n\n\n\n<p>Elle s implique \u00e9galement dans la vie locale au travers de diff\u00e9rentes manifestations et participe avec plaisir au giron de la Broye et aux F\u00eates cantonales.<\/p>\n\n\n\n<p>Nos musiciens et musiciennes ainsi que ses \u00e9l\u00e8ves vous remercient infiniment pour votre appui tant moral que financier que vous ne cessez de nous t\u00e9moigner tout au long de l ann\u00e9e.<\/p>\n\n\n\n<p>N&rsquo;h\u00e9sitez pas \u00e0 prendre <a href=\"https:\/\/www.lyre-paroissiale-surpierre.ch\/?page_id=16\" data-type=\"link\" data-id=\"https:\/\/www.lyre-paroissiale-surpierre.ch\/?page_id=16\">contact<\/a> avec nous !<\/p>\n\n\n\n<p>Nous r\u00e9p\u00e9tons le mercredi et le vendredi soir de 20h00 \u00e0 22h00.<\/p>\n\n\n\n<p>Au plaisir de vous c\u00f4toyer.<\/p>\n\n\n\n<p>La lyre Paroissiale<\/p>\n\n\n\n<p><\/p>\n","protected":false},"excerpt":{"rendered":"<p>Notre lyre Paroissiale Fond\u00e9e en 1945 par des amoureux de la musique, la Lyre Paroissiale de Surpierre compte une vingtaine de musiciens et musiciennes qui se donnent \u00e0 c\u0153ur joie. Notre commission de musique ainsi que notre jeune Directrice, Sylvie Cantin nous s\u00e9lectionnent des morceaux audacieux qui motivent notre ensemble de cuivres. Jeunes et vieux [&hellip;]<\/p>\n","protected":false},"author":1,"featured_media":0,"parent":0,"menu_order":30,"comment_status":"closed","ping_status":"open","template":"","meta":{"footnotes":""},"class_list":["post-2","page","type-page","status-publish","hentry"],"_links":{"self":[{"href":"https:\/\/www.lyre-paroissiale-surpierre.ch\/index.php?rest_route=\/wp\/v2\/pages\/2","targetHints":{"allow":["GET"]}}],"collection":[{"href":"https:\/\/www.lyre-paroissiale-surpierre.ch\/index.php?rest_route=\/wp\/v2\/pages"}],"about":[{"href":"https:\/\/www.lyre-paroissiale-surpierre.ch\/index.php?rest_route=\/wp\/v2\/types\/page"}],"author":[{"embeddable":true,"href":"https:\/\/www.lyre-paroissiale-surpierre.ch\/index.php?rest_route=\/wp\/v2\/users\/1"}],"replies":[{"embeddable":true,"href":"https:\/\/www.lyre-paroissiale-surpierre.ch\/index.php?rest_route=%2Fwp%2Fv2%2Fcomments&post=2"}],"version-history":[{"count":17,"href":"https:\/\/www.lyre-paroissiale-surpierre.ch\/index.php?rest_route=\/wp\/v2\/pages\/2\/revisions"}],"predecessor-version":[{"id":740,"href":"https:\/\/www.lyre-paroissiale-surpierre.ch\/index.php?rest_route=\/wp\/v2\/pages\/2\/revisions\/740"}],"wp:attachment":[{"href":"https:\/\/www.lyre-paroissiale-surpierre.ch\/index.php?rest_route=%2Fwp%2Fv2%2Fmedia&parent=2"}],"curies":[{"name":"wp","href":"https:\/\/api.w.org\/{rel}","templated":true}]}}